{"id":170,"date":"2023-03-24T20:09:31","date_gmt":"2023-03-24T20:09:31","guid":{"rendered":"https:\/\/aikidocolmenarviejo.es\/?page_id=170"},"modified":"2023-03-24T20:09:32","modified_gmt":"2023-03-24T20:09:32","slug":"webs-amigas","status":"publish","type":"page","link":"https:\/\/aikidocolmenarviejo.es\/?page_id=170","title":{"rendered":"Webs amigas"},"content":{"rendered":"\n<p><a href=\"http:\/\/www.aikikai.or.jp\/eng\/index.html\" target=\"_blank\" rel=\"noopener\"><strong>Aikikai Foundation<\/strong><\/a> (Tokio, Regi\u00f3n de Kanto, Jap\u00f3n.)<\/p>\n\n\n\n<p><a href=\"http:\/\/www.acae.info\/\" target=\"_blank\" rel=\"noopener\"><strong>Asociacion Cultural Aikikai de Espa\u00f1a (ACAE)<\/strong><\/a> (Madrid, Comunidad de Madrid, Espa\u00f1a.)<\/p>\n\n\n\n<p><strong>Dojos adheridos a la ACAE en Espa\u00f1a (En proceso de actualizaci\u00f3n)<\/strong><\/p>\n\n\n\n<p><a href=\"http:\/\/www.aikidosegovia.com\/index.html\" target=\"_blank\" rel=\"noopener\"><strong>Asociaci\u00f3n Cultural Aikikai Segovia<\/strong><\/a> (Segovia, Castilla y Le\u00f3n.)<\/p>\n\n\n\n<p><a href=\"http:\/\/www.aikidoacaex.com\/index.html\" target=\"_blank\" rel=\"noopener\"><strong>Asociaci\u00f3n Cultural Aikido Extremadura (ACAEX)<\/strong><\/a> (C\u00e1ceres, Extremadura.)<\/p>\n\n\n\n<p><a href=\"http:\/\/aikidomurcia.blogspot.com.es\/\" target=\"_blank\" rel=\"noopener\"><strong>Asociaci\u00f3n Cultural Aikikai de la Regi\u00f3n de Murcia (ACAREM)<\/strong><\/a> (Regi\u00f3n de Murcia.)<\/p>\n\n\n\n<p><a href=\"http:\/\/www.aikidovalladolid.es\/index.html\" target=\"_blank\" rel=\"noopener\"><strong>Asociaci\u00f3n Cultural Aikikai De Valladolid (ACAV)<\/strong><\/a> (Valladolid, Castilla y Le\u00f3n.)<\/p>\n\n\n\n<p><a href=\"http:\/\/acaegranada.blogspot.com.es\/\" target=\"_blank\" rel=\"noopener\"><strong>Asociaci\u00f3n Cultural Aikikai de Espa\u00f1a, Granada<\/strong><\/a> (Granada, Andaluc\u00eda.)<\/p>\n\n\n\n<p><a href=\"http:\/\/aikikaiguadarrama.com\/\" target=\"_blank\" rel=\"noopener\"><strong>Asociaci\u00f3n Cultural Aikikai Sierra de Guadarrama<\/strong><\/a> (Guadarrama, Comunidad de Madrid.)<\/p>\n\n\n\n<p><a href=\"https:\/\/www.aikidocolmenarviejo.es\/web\/\" target=\"_blank\" rel=\"noopener\"><strong>Club Deportivo Aikido Colmenar Viejo<\/strong><\/a> (Colmenar Viejo, Comunidad de Madrid.)<\/p>\n\n\n\n<p><a href=\"http:\/\/aikidomalaga.blogspot.com.es\/\" target=\"_blank\" rel=\"noopener\"><strong>Asociaci\u00f3n Cultural Aikikai Espa\u00f1a-M\u00e1laga<\/strong><\/a> (M\u00e1laga, Andaluc\u00eda.)<\/p>\n\n\n\n<p><a href=\"http:\/\/www.aikidobadajoz.es\/\" target=\"_blank\" rel=\"noopener\"><strong>Asociaci\u00f3n Cultural Aikido Badajoz<\/strong><\/a> (Badajoz, Extremadura.)<\/p>\n\n\n\n<p><a href=\"https:\/\/galiciaikido.wordpress.com\/a-c-a-g\/\" target=\"_blank\" rel=\"noopener\"><strong>Asociaci\u00f3n Cultural Aikikai de Galicia<\/strong><\/a> (Galicia.)<\/p>\n\n\n\n<p><a href=\"http:\/\/asociacionnavarraaikikai.blogspot.com.es\/\" target=\"_blank\" rel=\"noopener\"><strong>Asociaci\u00f3n Navarra Aikikai<\/strong><\/a> (Navarra.)<\/p>\n\n\n\n<p><a href=\"http:\/\/www.pamplona.es\/VerPagina.asp?idPag=20-39930\" target=\"_blank\" rel=\"noopener\"><strong>Asociaci\u00f3n Cultural Aikido de Navarra (ACAN)<\/strong><\/a> (Navarra.)<\/p>\n\n\n\n<p><a href=\"http:\/\/www.aikidocadiz.com\/\" target=\"_blank\" rel=\"noopener\"><strong>Asociaci\u00f3n Cultural Aikikai de Espa\u00f1a en Cadiz<\/strong><\/a> (Cadiz, Andaluc\u00eda.)<\/p>\n\n\n\n<p><a href=\"http:\/\/www.aikidovalencia.org\/index.php\" target=\"_blank\" rel=\"noopener\"><strong>Asociaci\u00f3n Cultural Valenciana de Aikido<\/strong><\/a> (Comunidad Valenciana.)<\/p>\n\n\n\n<p><a href=\"http:\/\/www.aikido.cat\/\" target=\"_blank\" rel=\"noopener\"><strong>Associaci\u00f3 Cultural Aikikai Catalunya<\/strong><\/a> (Catalu\u00f1a.)<\/p>\n\n\n\n<p><a href=\"https:\/\/es-es.facebook.com\/aikido.carolina\/\" target=\"_blank\" rel=\"noopener\"><strong>ACAE La Carolina<\/strong><\/a> (Ja\u00e9n, Andaluc\u00eda.)<\/p>\n\n\n\n<p><a href=\"http:\/\/www.aikinomada.com\/\" target=\"_blank\" rel=\"noopener\"><strong>Aikin\u00f3mada<\/strong><\/a> (Zaragoza, Arag\u00f3n.)<\/p>\n\n\n\n<p><a href=\"https:\/\/www.facebook.com\/pg\/aikidomushinkai\/about\/?ref=page_internal\" target=\"_blank\" rel=\"noopener\"><strong>Asociaci\u00f3n de Aikido Mushinkai<\/strong><\/a> (San Sebasti\u00e1n, Pa\u00eds Vasco.)<\/p>\n\n\n\n<p><a href=\"http:\/\/www.aikidoamagoia.com\/\" target=\"_blank\" rel=\"noopener\"><strong>Aikido club Amagoia<\/strong><\/a> (San Sebasti\u00e1n, Pa\u00eds Vasco.)<\/p>\n\n\n\n<p><a href=\"https:\/\/www.facebook.com\/acae.huelva\/\" target=\"_blank\" rel=\"noopener\"><strong>Asociaci\u00f3n Cultural Aikikai de Espa\u00f1a en Huelva<\/strong><\/a> (Huelva, Andaluc\u00eda.)<\/p>\n\n\n\n<p><strong>Dojos adheridos a la ACAE en Francia<\/strong><\/p>\n\n\n\n<p><a href=\"http:\/\/aikido-etam-toulouse.over-blog.fr\/pages\/ecole.html\" target=\"_blank\" rel=\"noopener\"><strong>Ecole Toulousaine d&#8217;A\u00efkido Ametsuchi (ETAA)<\/strong><\/a> (Toulouse, Occitania.)<\/p>\n","protected":false},"excerpt":{"rendered":"<p>Aikikai Foundation (Tokio, Regi\u00f3n de Kanto, Jap\u00f3n.) Asociacion Cultural Aikikai de Espa\u00f1a (ACAE) (Madrid, Comunidad de Madrid, Espa\u00f1a.) Dojos adheridos a la ACAE en Espa\u00f1a (En proceso de actualizaci\u00f3n) Asociaci\u00f3n Cultural Aikikai Segovia (Segovia, Castilla y Le\u00f3n.) Asociaci\u00f3n Cultural Aikido Extremadura (ACAEX) (C\u00e1ceres, Extremadura.) Asociaci\u00f3n Cultural Aikikai de la Regi\u00f3n de Murcia (ACAREM) (Regi\u00f3n de&#8230;<\/p>\n","protected":false},"author":1,"featured_media":0,"parent":0,"menu_order":0,"comment_status":"closed","ping_status":"closed","template":"","meta":{"om_disable_all_campaigns":false,"_monsterinsights_skip_tracking":false,"_monsterinsights_sitenote_active":false,"_monsterinsights_sitenote_note":"","_monsterinsights_sitenote_category":0,"_kad_post_transparent":"","_kad_post_title":"","_kad_post_layout":"","_kad_post_sidebar_id":"","_kad_post_content_style":"","_kad_post_vertical_padding":"","_kad_post_feature":"","_kad_post_feature_position":"","_kad_post_header":false,"_kad_post_footer":false,"_kad_post_classname":"","footnotes":""},"class_list":["post-170","page","type-page","status-publish","hentry"],"aioseo_notices":[],"_links":{"self":[{"href":"https:\/\/aikidocolmenarviejo.es\/index.php?rest_route=\/wp\/v2\/pages\/170","targetHints":{"allow":["GET"]}}],"collection":[{"href":"https:\/\/aikidocolmenarviejo.es\/index.php?rest_route=\/wp\/v2\/pages"}],"about":[{"href":"https:\/\/aikidocolmenarviejo.es\/index.php?rest_route=\/wp\/v2\/types\/page"}],"author":[{"embeddable":true,"href":"https:\/\/aikidocolmenarviejo.es\/index.php?rest_route=\/wp\/v2\/users\/1"}],"replies":[{"embeddable":true,"href":"https:\/\/aikidocolmenarviejo.es\/index.php?rest_route=%2Fwp%2Fv2%2Fcomments&post=170"}],"version-history":[{"count":3,"href":"https:\/\/aikidocolmenarviejo.es\/index.php?rest_route=\/wp\/v2\/pages\/170\/revisions"}],"predecessor-version":[{"id":173,"href":"https:\/\/aikidocolmenarviejo.es\/index.php?rest_route=\/wp\/v2\/pages\/170\/revisions\/173"}],"wp:attachment":[{"href":"https:\/\/aikidocolmenarviejo.es\/index.php?rest_route=%2Fwp%2Fv2%2Fmedia&parent=170"}],"curies":[{"name":"wp","href":"https:\/\/api.w.org\/{rel}","templated":true}]}}